{"id":2760,"date":"2022-06-16T12:22:28","date_gmt":"2022-06-16T10:22:28","guid":{"rendered":"https:\/\/a-eb.org\/?page_id=2760"},"modified":"2023-07-31T11:39:01","modified_gmt":"2023-07-31T09:39:01","slug":"laboratorio-fotografico-per-persone-con-disabilita-e-loro-fratelli-sorelle","status":"publish","type":"page","link":"https:\/\/a-eb.org\/it\/cosa-facciamo\/progetti\/laboratorio-fotografico-per-persone-con-disabilita-e-loro-fratelli-sorelle\/","title":{"rendered":"LABORATORIO FOTOGRAFICO"},"content":{"rendered":"[vc_row type=&#8221;in_container&#8221; full_screen_row_position=&#8221;middle&#8221; column_margin=&#8221;default&#8221; column_direction=&#8221;default&#8221; column_direction_tablet=&#8221;default&#8221; column_direction_phone=&#8221;default&#8221; scene_position=&#8221;center&#8221; text_color=&#8221;dark&#8221; text_align=&#8221;left&#8221; row_border_radius=&#8221;none&#8221; row_border_radius_applies=&#8221;bg&#8221; overflow=&#8221;visible&#8221; overlay_strength=&#8221;0.3&#8243; gradient_direction=&#8221;left_to_right&#8221; shape_divider_position=&#8221;bottom&#8221; bg_image_animation=&#8221;none&#8221;][vc_column column_padding=&#8221;no-extra-padding&#8221; column_padding_tablet=&#8221;inherit&#8221; column_padding_phone=&#8221;inherit&#8221; column_padding_position=&#8221;all&#8221; column_element_direction_desktop=&#8221;default&#8221; column_element_spacing=&#8221;default&#8221; desktop_text_alignment=&#8221;default&#8221; tablet_text_alignment=&#8221;default&#8221; phone_text_alignment=&#8221;default&#8221; background_color_opacity=&#8221;1&#8243; background_hover_color_opacity=&#8221;1&#8243; column_backdrop_filter=&#8221;none&#8221; column_shadow=&#8221;none&#8221; column_border_radius=&#8221;none&#8221; column_link_target=&#8221;_self&#8221; column_position=&#8221;default&#8221; gradient_direction=&#8221;left_to_right&#8221; overlay_strength=&#8221;0.3&#8243; width=&#8221;1\/1&#8243; tablet_width_inherit=&#8221;default&#8221; animation_type=&#8221;default&#8221; bg_image_animation=&#8221;none&#8221; border_type=&#8221;simple&#8221; column_border_width=&#8221;none&#8221; column_border_style=&#8221;solid&#8221;][image_with_animation image_url=&#8221;3796&#8243; image_size=&#8221;full&#8221; animation_type=&#8221;entrance&#8221; animation=&#8221;Fade In&#8221; animation_easing=&#8221;default&#8221; animation_movement_type=&#8221;transform_y&#8221; hover_animation=&#8221;none&#8221; alignment=&#8221;&#8221; border_radius=&#8221;none&#8221; box_shadow=&#8221;none&#8221; image_loading=&#8221;default&#8221; max_width=&#8221;100%&#8221; max_width_mobile=&#8221;default&#8221;][vc_column_text]<strong><em>Cari soci,<\/em><\/strong><\/p>\n<p>siamo lieti di comunicare che siamo riusciti a fissare 2 date per il laboratorio fotografico sotto la supervisione di un tutor e di un assistente per persone con disabilit\u00e0 e loro fratelli\/sorelle.<\/p>\n<p>Il laboratorio fotografico persegue due obiettivi fondamentali, uno sociale e uno educativo e creativo. A livello sociale, il corso si propone di sollevare famiglie \/ genitori attraverso questa occupazione dei loro figli, mentre a livello pedagogico i loro figli vengono incoraggiati a scoprire se stessi introducendoli al mezzo fotografico in modo multidimensionale.<\/p>\n<p><strong>Laboratorio a Merano:<\/strong> <strong>Luned\u00ed, 25.09.23 (dalle ore 14.30 alle <\/strong><strong>ore 16.30) <\/strong>\u00d2pLab, Via Matteotti 38, 39012 Merano<\/p>\n<p><strong>Laboratorio a Bressanone: <\/strong><strong>Mercoled\u00ec, 27.09.23 (dalle ore 16.00 alle ore 18.00) <\/strong>Jugenddienst Brixen, Via Pra&#8217; delle suore 53, 39042 Bressanone<\/p>\n<p>Tema:<\/p>\n<p><strong>SE IO NON FOSSI IO, SE TU NON FOSSI TU &#8211;<\/strong> <strong>IL RITRATTO<\/strong><\/p>\n<p>Laboratorio dedicato alla tecnica del ritratto. Ai partecipanti verr\u00e0 chiesto di fotografarsi a vicenda in diverse pose e con diverse impostazioni tecniche della macchina digitale per indagare la moltitudine dei propri io tra il letterale e il teatrale.<\/p>\n<p>Termine di iscrizione: 01.09.2023<\/p>\n<p><strong>Contributo ai costi: \u20ac 30,00 a persona<br \/>\n<\/strong>Posta: IBAN IT66I0760111600000011724390<br \/>\nBanca: IBAN IT56Y0808111601000301057171<br \/>\nBeneficiario: AEB-Associazione genitori di persone in situazione di handicap ODV<br \/>\nMotivo del pagamento: laboratorio fotografico (prego indicare la localit\u00e0 di svolgimento prescelta)[\/vc_column_text][vc_column_text]\n<h2>Iscrizione online<\/h2>\n[\/vc_column_text][vc_column_text]\n<p style=\"text-align: center;\"><strong>Progetto \u201eLaboratorio fotografico per persone con disabilit\u00e0 e loro fratelli\/sorelle\u201ca Brunico 2023<br \/>\n<\/strong><\/p>\n<p>Nell&#8217;ambito del progetto &#8220;Laboratori fotografici per persone con disabilit\u00e0 e loro fratelli\/sorelle&#8221;, l\u2019AEB-Associazione genitori di persone in situazione di handicap EO e grazie al sostegno finanziario dell\u2019Ufficio per persone con disabilit\u00e0 e la Fondazione Maria Teresa Riedl ha tenuto uno dei quattro incontri previsti sul tema &#8220;Kabelsalat &#8211; Workshop sui proverbi visivi&#8221; il 26 maggio 2023 dalle 15 alle 17 nella Galleria Akzent a Brunico.<\/p>\n<p>Durante questo workshop la responsabile del progetto Allegra Baggio Corradi e la sua assistente Chiara Cortellini hanno invitato i partecipanti a tradurre una selezione di proverbi tedeschi in immagini. A partire da una tradizione nordeuropea, l&#8217;attivit\u00e0 stimola il potenziamento della capacit\u00e0 comunicativa tramite lo sviluppo di un linguaggio visivo personale a partire da fotografie di repertorio. Il lavoro svolto durante il corso confluir\u00e0 in una pubblicazione collettiva.<\/p>\n<p>L\u2019attivit\u00e0 \u00e8 incominciata con una breve introduzione ai proverbi, al loro utilizzo e ai loro significati metaforici in lingua tedesca.[\/vc_column_text][vc_gallery type=&#8221;image_grid&#8221; images=&#8221;4857,4843&#8243; image_grid_loading=&#8221;default&#8221; layout=&#8221;2&#8243; item_spacing=&#8221;default&#8221; gallery_style=&#8221;7&#8243; load_in_animation=&#8221;none&#8221;][vc_column_text]Coinvolgendo i partecipanti in una conversazione collettiva nella quale hanno messo in pratica l\u2019utilizzo dei venti proverbi selezionati per il laboratorio, si \u00e8 passati ad un gioco di \u201ctraduzione\u201d nel quale per ogni sostantivo, verbo, pronome e aggettivo presente nei proverbi, i partecipanti hanno selezionato un\u2019immagine di repertorio tra quelle messe a loro disposizione.[\/vc_column_text][vc_gallery type=&#8221;image_grid&#8221; images=&#8221;4847,4849&#8243; image_grid_loading=&#8221;default&#8221; layout=&#8221;2&#8243; item_spacing=&#8221;default&#8221; gallery_style=&#8221;7&#8243; load_in_animation=&#8221;none&#8221;][vc_column_text]Una caccia al tesoro fotografica ha portato i partecipanti alla produzione di proverbi visivi, incollando le immagini su fogli di carta bianchi.<\/p>\n<p>L\u2019esercizio ha messo in luce la capacit\u00e0 dei partecipanti di costruire significati al di l\u00e0 della lingua parlata tramite l\u2019utilizzo dell\u2019immagine.[\/vc_column_text][vc_gallery type=&#8221;image_grid&#8221; images=&#8221;4851,4853&#8243; image_grid_loading=&#8221;default&#8221; layout=&#8221;2&#8243; item_spacing=&#8221;default&#8221; gallery_style=&#8221;7&#8243; load_in_animation=&#8221;none&#8221;][vc_column_text]In totale sono stati prodotti una trentina di lavori che verranno scannerizzati in alta risoluzione e confluiranno in una pubblicazione edita dalla casa editrice indipendente Shibboleth di Milano nel quadro di un percorso a lungo termine dedicato al potenziamento della comunicazione tra soggetti con disabilit\u00e0 in diverse lingue (attualmente coinvolti sono AEB in lingua tedesca e il reparto di neuropsichiatria infantile Don Gnocchi di Milano in lingua italiana).<\/p>\n<p>Un PDF dei lavori scannerizzati verr\u00e0 circolato a breve per l\u2019uso privato delle famiglie dei partecipanti.<br \/>\n[\/vc_column_text][vc_column_text]\n<p style=\"text-align: center;\"><strong>Ringraziamo per il sostegno<\/strong><\/p>\n[\/vc_column_text][image_with_animation image_url=&#8221;4795&#8243; image_size=&#8221;full&#8221; animation_type=&#8221;entrance&#8221; animation=&#8221;None&#8221; animation_movement_type=&#8221;transform_y&#8221; hover_animation=&#8221;none&#8221; alignment=&#8221;center&#8221; border_radius=&#8221;none&#8221; box_shadow=&#8221;none&#8221; image_loading=&#8221;default&#8221; max_width=&#8221;100%&#8221; max_width_mobile=&#8221;default&#8221;][vc_column_text]\n<h2 style=\"text-align: center;\"><strong>Fondazione Maria Teresa Riedl<\/strong><\/h2>\n<p style=\"text-align: center;\"><strong>Corporazione filantropica<br \/>\n<\/strong>Codice fiscale: 92015520213<br \/>\nBrunico<\/p>\n<h4><\/h4>\n[\/vc_column_text][vc_column_text]\n<p>I am text block. Click edit button to change this text. Lorem ipsum dolor sit amet, consectetur adipiscing elit. Ut elit tellus, luctus nec ullamcorper mattis, pulvinar dapibus leo.<\/p>\n[\/vc_column_text][\/vc_column][\/vc_row][vc_row type=&#8221;in_container&#8221; full_screen_row_position=&#8221;middle&#8221; column_margin=&#8221;default&#8221; column_direction=&#8221;default&#8221; column_direction_tablet=&#8221;default&#8221; column_direction_phone=&#8221;default&#8221; scene_position=&#8221;center&#8221; text_color=&#8221;dark&#8221; text_align=&#8221;left&#8221; row_border_radius=&#8221;none&#8221; row_border_radius_applies=&#8221;bg&#8221; overflow=&#8221;visible&#8221; overlay_strength=&#8221;0.3&#8243; gradient_direction=&#8221;left_to_right&#8221; shape_divider_position=&#8221;bottom&#8221; bg_image_animation=&#8221;none&#8221;][vc_column column_padding=&#8221;no-extra-padding&#8221; column_padding_tablet=&#8221;inherit&#8221; column_padding_phone=&#8221;inherit&#8221; column_padding_position=&#8221;all&#8221; column_element_direction_desktop=&#8221;default&#8221; column_element_spacing=&#8221;default&#8221; desktop_text_alignment=&#8221;default&#8221; tablet_text_alignment=&#8221;default&#8221; phone_text_alignment=&#8221;default&#8221; background_color_opacity=&#8221;1&#8243; background_hover_color_opacity=&#8221;1&#8243; column_backdrop_filter=&#8221;none&#8221; column_shadow=&#8221;none&#8221; column_border_radius=&#8221;none&#8221; column_link_target=&#8221;_self&#8221; column_position=&#8221;default&#8221; gradient_direction=&#8221;left_to_right&#8221; overlay_strength=&#8221;0.3&#8243; width=&#8221;1\/1&#8243; tablet_width_inherit=&#8221;default&#8221; animation_type=&#8221;default&#8221; bg_image_animation=&#8221;none&#8221; border_type=&#8221;simple&#8221; column_border_width=&#8221;none&#8221; column_border_style=&#8221;solid&#8221;][vc_column_text]\n<p style=\"text-align: center;\"><strong>2022<\/strong><\/p>\n<p>Rorhof &#8211; WORKSHOP FOTOGRAFICO E FANZINE per bambini\/ragazzi con disabilit\u00e0 e loro fratelli e sorelle<\/p>\n<p>I laboratori fotografici per bambini\/ragazzi con disabilit\u00e0 e i loro fratelli e sorelle si sono svolti il 23.05.22 presso il laboratorio artistico Akzent della Lebenshilfe a Brunico, il 12.09.22 presso la sede dell&#8217;archivio di libri per bambini OPL\u00c0 a Merano e il 03.10.22 presso il centro giovanile di Bressanone sotto la direzione di Allegra Baggio Corradi e della sua assistente Chiara Cortellini per conto della cooperativa sociale RORHOF.<\/p>\n<p>I laboratori hanno seguito la stessa procedura in tutte e tre le sedi.<\/p>\n<p>L&#8217;attivit\u00e0 prevedeva, all&#8217;inizio dei laboratori, la produzione di immagini fotografiche con l&#8217;antica tecnica della cianotipia, che consiste nell&#8217;incollare elementi raccolti in natura (foglie, rametti, sassi, ecc.) o artificiali (forbici, mollette, monete, griglie, ecc.) su una superficie di carta, che viene esposta al sole e poi sviluppata con un liquido fissativo. La seconda ora del workshop \u00e8 stata dedicata alla tecnologia digitale. I partecipanti al workshop all&#8217;interno si sono impegnati a comprendere il meccanismo fotografico basandosi su quanto appreso con la cianotipia e la scrittura con la luce, concentrandosi sul ritratto come tecnica e sulla natura come soggetto<\/p>\n<p>Nell&#8217;ultima mezz&#8217;ora del corso, ai partecipanti \u00e8 stato chiesto di avvolgere il loro lavoro in una busta o in un pacchetto a scelta e di consegnarlo a una persona a loro scelta. Questo \u00e8 stato fatto attraverso collage di giornali o semplicemente disegnando un contenitore di carta. Alla fine del workshop, i partecipanti hanno ricevuto le foto digitali che avevano scattato e i cianotipi che avevano realizzato. Nel complesso, i partecipanti sono stati entusiasti delle attivit\u00e0 e hanno chiesto di partecipare nuovamente a iniziative simili.<\/p>\n<p>Attraverso questo progetto \u00e8 emerso chiaramente che la fotografia \u00e8 un mezzo espressivo particolarmente adatto ad allenare la sensibilit\u00e0 dei partecipanti, disabili e non, verso il mondo e verso se stessi[\/vc_column_text][\/vc_column][\/vc_row][vc_row type=&#8221;in_container&#8221; full_screen_row_position=&#8221;middle&#8221; column_margin=&#8221;default&#8221; column_direction=&#8221;default&#8221; column_direction_tablet=&#8221;default&#8221; column_direction_phone=&#8221;default&#8221; scene_position=&#8221;center&#8221; text_color=&#8221;dark&#8221; text_align=&#8221;left&#8221; row_border_radius=&#8221;none&#8221; row_border_radius_applies=&#8221;bg&#8221; overflow=&#8221;visible&#8221; overlay_strength=&#8221;0.3&#8243; gradient_direction=&#8221;left_to_right&#8221; shape_divider_position=&#8221;bottom&#8221; bg_image_animation=&#8221;none&#8221;][vc_column column_padding=&#8221;no-extra-padding&#8221; column_padding_tablet=&#8221;inherit&#8221; column_padding_phone=&#8221;inherit&#8221; column_padding_position=&#8221;all&#8221; column_element_direction_desktop=&#8221;default&#8221; column_element_spacing=&#8221;default&#8221; desktop_text_alignment=&#8221;default&#8221; tablet_text_alignment=&#8221;default&#8221; phone_text_alignment=&#8221;default&#8221; background_color_opacity=&#8221;1&#8243; background_hover_color_opacity=&#8221;1&#8243; column_backdrop_filter=&#8221;none&#8221; column_shadow=&#8221;none&#8221; column_border_radius=&#8221;none&#8221; column_link_target=&#8221;_self&#8221; column_position=&#8221;default&#8221; gradient_direction=&#8221;left_to_right&#8221; overlay_strength=&#8221;0.3&#8243; width=&#8221;1\/1&#8243; tablet_width_inherit=&#8221;default&#8221; animation_type=&#8221;default&#8221; bg_image_animation=&#8221;none&#8221; border_type=&#8221;simple&#8221; column_border_width=&#8221;none&#8221; column_border_style=&#8221;solid&#8221;][vc_gallery type=&#8221;image_grid&#8221; images=&#8221;2704,2706,2708&#8243; image_grid_loading=&#8221;default&#8221; layout=&#8221;4&#8243; item_spacing=&#8221;default&#8221; gallery_style=&#8221;7&#8243; load_in_animation=&#8221;none&#8221;][\/vc_column][\/vc_row][vc_row type=&#8221;in_container&#8221; full_screen_row_position=&#8221;middle&#8221; column_margin=&#8221;default&#8221; column_direction=&#8221;default&#8221; column_direction_tablet=&#8221;default&#8221; column_direction_phone=&#8221;default&#8221; scene_position=&#8221;center&#8221; text_color=&#8221;dark&#8221; text_align=&#8221;left&#8221; row_border_radius=&#8221;none&#8221; row_border_radius_applies=&#8221;bg&#8221; overflow=&#8221;visible&#8221; id=&#8221;iscrizioneonline&#8221; overlay_strength=&#8221;0.3&#8243; gradient_direction=&#8221;left_to_right&#8221; shape_divider_position=&#8221;bottom&#8221; bg_image_animation=&#8221;none&#8221; gradient_type=&#8221;default&#8221; shape_type=&#8221;&#8221;][vc_column column_padding=&#8221;no-extra-padding&#8221; column_padding_tablet=&#8221;inherit&#8221; column_padding_phone=&#8221;inherit&#8221; column_padding_position=&#8221;all&#8221; column_element_direction_desktop=&#8221;default&#8221; column_element_spacing=&#8221;default&#8221; desktop_text_alignment=&#8221;default&#8221; tablet_text_alignment=&#8221;default&#8221; phone_text_alignment=&#8221;default&#8221; background_color_opacity=&#8221;1&#8243; background_hover_color_opacity=&#8221;1&#8243; column_backdrop_filter=&#8221;none&#8221; column_shadow=&#8221;none&#8221; column_border_radius=&#8221;none&#8221; column_link_target=&#8221;_self&#8221; column_position=&#8221;default&#8221; gradient_direction=&#8221;left_to_right&#8221; overlay_strength=&#8221;0.3&#8243; width=&#8221;1\/1&#8243; tablet_width_inherit=&#8221;default&#8221; animation_type=&#8221;default&#8221; bg_image_animation=&#8221;none&#8221; border_type=&#8221;simple&#8221; column_border_width=&#8221;none&#8221; column_border_style=&#8221;solid&#8221;][\/vc_column][\/vc_row]\n","protected":false},"excerpt":{"rendered":"<p>[vc_row type=&#8221;in_container&#8221; full_screen_row_position=&#8221;middle&#8221; column_margin=&#8221;default&#8221; column_direction=&#8221;default&#8221; column_direction_tablet=&#8221;default&#8221; column_direction_phone=&#8221;default&#8221; scene_position=&#8221;center&#8221; text_color=&#8221;dark&#8221; text_align=&#8221;left&#8221; row_border_radius=&#8221;none&#8221; row_border_radius_applies=&#8221;bg&#8221; overflow=&#8221;visible&#8221; overlay_strength=&#8221;0.3&#8243; gradient_direction=&#8221;left_to_right&#8221; shape_divider_position=&#8221;bottom&#8221; bg_image_animation=&#8221;none&#8221;][vc_column column_padding=&#8221;no-extra-padding&#8221; column_padding_tablet=&#8221;inherit&#8221; column_padding_phone=&#8221;inherit&#8221;&#8230;<\/p>\n","protected":false},"author":5,"featured_media":0,"parent":2124,"menu_order":0,"comment_status":"closed","ping_status":"closed","template":"","meta":{"footnotes":""},"class_list":["post-2760","page","type-page","status-publish"],"yoast_head":"<!-- This site is optimized with the Yoast SEO plugin v27.4 - https:\/\/yoast.com\/product\/yoast-seo-wordpress\/ -->\n<title>LABORATORIO FOTOGRAFICO - AEB-Aktive Eltern von Menschen mit Behinderung VFG | Bozen | S\u00fcdtirol<\/title>\n<meta name=\"robots\" content=\"index, follow, max-snippet:-1, max-image-preview:large, max-video-preview:-1\" \/>\n<link rel=\"canonical\" href=\"https:\/\/a-eb.org\/it\/cosa-facciamo\/progetti\/laboratorio-fotografico-per-persone-con-disabilita-e-loro-fratelli-sorelle\/\" \/>\n<meta property=\"og:locale\" content=\"it_IT\" \/>\n<meta property=\"og:type\" content=\"article\" \/>\n<meta property=\"og:title\" content=\"LABORATORIO FOTOGRAFICO - AEB-Aktive Eltern von Menschen mit Behinderung VFG | Bozen | S\u00fcdtirol\" \/>\n<meta property=\"og:description\" content=\"[vc_row type=&#8221;in_container&#8221; full_screen_row_position=&#8221;middle&#8221; column_margin=&#8221;default&#8221; column_direction=&#8221;default&#8221; column_direction_tablet=&#8221;default&#8221; column_direction_phone=&#8221;default&#8221; scene_position=&#8221;center&#8221; text_color=&#8221;dark&#8221; text_align=&#8221;left&#8221; row_border_radius=&#8221;none&#8221; row_border_radius_applies=&#8221;bg&#8221; overflow=&#8221;visible&#8221; overlay_strength=&#8221;0.3&#8243; gradient_direction=&#8221;left_to_right&#8221; shape_divider_position=&#8221;bottom&#8221; bg_image_animation=&#8221;none&#8221;][vc_column column_padding=&#8221;no-extra-padding&#8221; column_padding_tablet=&#8221;inherit&#8221; column_padding_phone=&#8221;inherit&#8221;...\" \/>\n<meta property=\"og:url\" content=\"https:\/\/a-eb.org\/it\/cosa-facciamo\/progetti\/laboratorio-fotografico-per-persone-con-disabilita-e-loro-fratelli-sorelle\/\" \/>\n<meta property=\"og:site_name\" content=\"AEB-Aktive Eltern von Menschen mit Behinderung VFG | Bozen | S\u00fcdtirol\" \/>\n<meta property=\"article:modified_time\" content=\"2023-07-31T09:39:01+00:00\" \/>\n<meta name=\"twitter:card\" content=\"summary_large_image\" \/>\n<meta name=\"twitter:label1\" content=\"Tempo di lettura stimato\" \/>\n\t<meta name=\"twitter:data1\" content=\"9 minuti\" \/>\n<script type=\"application\/ld+json\" class=\"yoast-schema-graph\">{\"@context\":\"https:\\\/\\\/schema.org\",\"@graph\":[{\"@type\":\"WebPage\",\"@id\":\"https:\\\/\\\/a-eb.org\\\/it\\\/cosa-facciamo\\\/progetti\\\/laboratorio-fotografico-per-persone-con-disabilita-e-loro-fratelli-sorelle\\\/\",\"url\":\"https:\\\/\\\/a-eb.org\\\/it\\\/cosa-facciamo\\\/progetti\\\/laboratorio-fotografico-per-persone-con-disabilita-e-loro-fratelli-sorelle\\\/\",\"name\":\"LABORATORIO FOTOGRAFICO - AEB-Aktive Eltern von Menschen mit Behinderung VFG | Bozen | S\u00fcdtirol\",\"isPartOf\":{\"@id\":\"https:\\\/\\\/a-eb.org\\\/#website\"},\"datePublished\":\"2022-06-16T10:22:28+00:00\",\"dateModified\":\"2023-07-31T09:39:01+00:00\",\"breadcrumb\":{\"@id\":\"https:\\\/\\\/a-eb.org\\\/it\\\/cosa-facciamo\\\/progetti\\\/laboratorio-fotografico-per-persone-con-disabilita-e-loro-fratelli-sorelle\\\/#breadcrumb\"},\"inLanguage\":\"it-IT\",\"potentialAction\":[{\"@type\":\"ReadAction\",\"target\":[\"https:\\\/\\\/a-eb.org\\\/it\\\/cosa-facciamo\\\/progetti\\\/laboratorio-fotografico-per-persone-con-disabilita-e-loro-fratelli-sorelle\\\/\"]}]},{\"@type\":\"BreadcrumbList\",\"@id\":\"https:\\\/\\\/a-eb.org\\\/it\\\/cosa-facciamo\\\/progetti\\\/laboratorio-fotografico-per-persone-con-disabilita-e-loro-fratelli-sorelle\\\/#breadcrumb\",\"itemListElement\":[{\"@type\":\"ListItem\",\"position\":1,\"name\":\"Startseite\",\"item\":\"https:\\\/\\\/a-eb.org\\\/it\\\/\"},{\"@type\":\"ListItem\",\"position\":2,\"name\":\"Cosa facciamo\",\"item\":\"https:\\\/\\\/a-eb.org\\\/it\\\/cosa-facciamo\\\/\"},{\"@type\":\"ListItem\",\"position\":3,\"name\":\"Progetti\",\"item\":\"https:\\\/\\\/a-eb.org\\\/it\\\/cosa-facciamo\\\/progetti\\\/\"},{\"@type\":\"ListItem\",\"position\":4,\"name\":\"LABORATORIO FOTOGRAFICO\"}]},{\"@type\":\"WebSite\",\"@id\":\"https:\\\/\\\/a-eb.org\\\/#website\",\"url\":\"https:\\\/\\\/a-eb.org\\\/\",\"name\":\"AEB-Aktive Eltern von Menschen mit Behinderung VFG | Bozen | S\u00fcdtirol\",\"description\":\"AEB-Aktive Eltern von Menschen mit Behinderung VFG\",\"potentialAction\":[{\"@type\":\"SearchAction\",\"target\":{\"@type\":\"EntryPoint\",\"urlTemplate\":\"https:\\\/\\\/a-eb.org\\\/?s={search_term_string}\"},\"query-input\":{\"@type\":\"PropertyValueSpecification\",\"valueRequired\":true,\"valueName\":\"search_term_string\"}}],\"inLanguage\":\"it-IT\"}]}<\/script>\n<!-- \/ Yoast SEO plugin. -->","yoast_head_json":{"title":"LABORATORIO FOTOGRAFICO - AEB-Aktive Eltern von Menschen mit Behinderung VFG | Bozen | S\u00fcdtirol","robots":{"index":"index","follow":"follow","max-snippet":"max-snippet:-1","max-image-preview":"max-image-preview:large","max-video-preview":"max-video-preview:-1"},"canonical":"https:\/\/a-eb.org\/it\/cosa-facciamo\/progetti\/laboratorio-fotografico-per-persone-con-disabilita-e-loro-fratelli-sorelle\/","og_locale":"it_IT","og_type":"article","og_title":"LABORATORIO FOTOGRAFICO - AEB-Aktive Eltern von Menschen mit Behinderung VFG | Bozen | S\u00fcdtirol","og_description":"[vc_row type=&#8221;in_container&#8221; full_screen_row_position=&#8221;middle&#8221; column_margin=&#8221;default&#8221; column_direction=&#8221;default&#8221; column_direction_tablet=&#8221;default&#8221; column_direction_phone=&#8221;default&#8221; scene_position=&#8221;center&#8221; text_color=&#8221;dark&#8221; text_align=&#8221;left&#8221; row_border_radius=&#8221;none&#8221; row_border_radius_applies=&#8221;bg&#8221; overflow=&#8221;visible&#8221; overlay_strength=&#8221;0.3&#8243; gradient_direction=&#8221;left_to_right&#8221; shape_divider_position=&#8221;bottom&#8221; bg_image_animation=&#8221;none&#8221;][vc_column column_padding=&#8221;no-extra-padding&#8221; column_padding_tablet=&#8221;inherit&#8221; column_padding_phone=&#8221;inherit&#8221;...","og_url":"https:\/\/a-eb.org\/it\/cosa-facciamo\/progetti\/laboratorio-fotografico-per-persone-con-disabilita-e-loro-fratelli-sorelle\/","og_site_name":"AEB-Aktive Eltern von Menschen mit Behinderung VFG | Bozen | S\u00fcdtirol","article_modified_time":"2023-07-31T09:39:01+00:00","twitter_card":"summary_large_image","twitter_misc":{"Tempo di lettura stimato":"9 minuti"},"schema":{"@context":"https:\/\/schema.org","@graph":[{"@type":"WebPage","@id":"https:\/\/a-eb.org\/it\/cosa-facciamo\/progetti\/laboratorio-fotografico-per-persone-con-disabilita-e-loro-fratelli-sorelle\/","url":"https:\/\/a-eb.org\/it\/cosa-facciamo\/progetti\/laboratorio-fotografico-per-persone-con-disabilita-e-loro-fratelli-sorelle\/","name":"LABORATORIO FOTOGRAFICO - AEB-Aktive Eltern von Menschen mit Behinderung VFG | Bozen | S\u00fcdtirol","isPartOf":{"@id":"https:\/\/a-eb.org\/#website"},"datePublished":"2022-06-16T10:22:28+00:00","dateModified":"2023-07-31T09:39:01+00:00","breadcrumb":{"@id":"https:\/\/a-eb.org\/it\/cosa-facciamo\/progetti\/laboratorio-fotografico-per-persone-con-disabilita-e-loro-fratelli-sorelle\/#breadcrumb"},"inLanguage":"it-IT","potentialAction":[{"@type":"ReadAction","target":["https:\/\/a-eb.org\/it\/cosa-facciamo\/progetti\/laboratorio-fotografico-per-persone-con-disabilita-e-loro-fratelli-sorelle\/"]}]},{"@type":"BreadcrumbList","@id":"https:\/\/a-eb.org\/it\/cosa-facciamo\/progetti\/laboratorio-fotografico-per-persone-con-disabilita-e-loro-fratelli-sorelle\/#breadcrumb","itemListElement":[{"@type":"ListItem","position":1,"name":"Startseite","item":"https:\/\/a-eb.org\/it\/"},{"@type":"ListItem","position":2,"name":"Cosa facciamo","item":"https:\/\/a-eb.org\/it\/cosa-facciamo\/"},{"@type":"ListItem","position":3,"name":"Progetti","item":"https:\/\/a-eb.org\/it\/cosa-facciamo\/progetti\/"},{"@type":"ListItem","position":4,"name":"LABORATORIO FOTOGRAFICO"}]},{"@type":"WebSite","@id":"https:\/\/a-eb.org\/#website","url":"https:\/\/a-eb.org\/","name":"AEB-Aktive Eltern von Menschen mit Behinderung VFG | Bozen | S\u00fcdtirol","description":"AEB-Aktive Eltern von Menschen mit Behinderung VFG","potentialAction":[{"@type":"SearchAction","target":{"@type":"EntryPoint","urlTemplate":"https:\/\/a-eb.org\/?s={search_term_string}"},"query-input":{"@type":"PropertyValueSpecification","valueRequired":true,"valueName":"search_term_string"}}],"inLanguage":"it-IT"}]}},"_links":{"self":[{"href":"https:\/\/a-eb.org\/it\/wp-json\/wp\/v2\/pages\/2760","targetHints":{"allow":["GET"]}}],"collection":[{"href":"https:\/\/a-eb.org\/it\/wp-json\/wp\/v2\/pages"}],"about":[{"href":"https:\/\/a-eb.org\/it\/wp-json\/wp\/v2\/types\/page"}],"author":[{"embeddable":true,"href":"https:\/\/a-eb.org\/it\/wp-json\/wp\/v2\/users\/5"}],"replies":[{"embeddable":true,"href":"https:\/\/a-eb.org\/it\/wp-json\/wp\/v2\/comments?post=2760"}],"version-history":[{"count":30,"href":"https:\/\/a-eb.org\/it\/wp-json\/wp\/v2\/pages\/2760\/revisions"}],"predecessor-version":[{"id":5021,"href":"https:\/\/a-eb.org\/it\/wp-json\/wp\/v2\/pages\/2760\/revisions\/5021"}],"up":[{"embeddable":true,"href":"https:\/\/a-eb.org\/it\/wp-json\/wp\/v2\/pages\/2124"}],"wp:attachment":[{"href":"https:\/\/a-eb.org\/it\/wp-json\/wp\/v2\/media?parent=2760"}],"curies":[{"name":"wp","href":"https:\/\/api.w.org\/{rel}","templated":true}]}}